{"id":657,"date":"2024-01-16T16:53:39","date_gmt":"2024-01-16T16:53:39","guid":{"rendered":"https:\/\/daviniacatala.com\/proyectos\/el-rinconcito-de-ana\/"},"modified":"2024-01-16T16:53:39","modified_gmt":"2024-01-16T16:53:39","slug":"el-rinconcito-de-ana","status":"publish","type":"proyectos","link":"https:\/\/daviniacatala.com\/de\/proyectos\/el-rinconcito-de-ana\/","title":{"rendered":"El Rinconcito de Ana"},"content":{"rendered":"<p>El Rinconcito de Ana ist ein kleines Haus am Strand von les Deveses in Denia, das f\u00fcr die Ferienvermietung bestimmt ist. Die Eigent\u00fcmer wollten das Haus renovieren und versch\u00f6nern, um es in ein sch\u00f6nes, praktisches und gem\u00fctliches Haus zu verwandeln, das ihren Kunden nicht nur als Urlaubsdomizil dienen sollte, sondern auch zum Ausruhen, Entspannen und Genie\u00dfen einl\u00e4dt, wo sie die Ruhe der privilegierten Enklave erleben k\u00f6nnen.<\/p>\n","protected":false},"template":"","class_list":["post-657","proyectos","type-proyectos","status-publish","hentry"],"_links":{"self":[{"href":"https:\/\/daviniacatala.com\/de\/wp-json\/wp\/v2\/proyectos\/657","targetHints":{"allow":["GET"]}}],"collection":[{"href":"https:\/\/daviniacatala.com\/de\/wp-json\/wp\/v2\/proyectos"}],"about":[{"href":"https:\/\/daviniacatala.com\/de\/wp-json\/wp\/v2\/types\/proyectos"}],"wp:attachment":[{"href":"https:\/\/daviniacatala.com\/de\/wp-json\/wp\/v2\/media?parent=657"}],"curies":[{"name":"wp","href":"https:\/\/api.w.org\/{rel}","templated":true}]}}